{"id":1570,"date":"2018-11-13T13:54:29","date_gmt":"2018-11-13T13:54:29","guid":{"rendered":"https:\/\/dev.casalimon.de\/welcome-to-palmeria-hotel\/art-of-cooking\/"},"modified":"2023-02-07T14:27:24","modified_gmt":"2023-02-07T13:27:24","slug":"comer-en-conil","status":"publish","type":"page","link":"https:\/\/www.casacielo.de\/es\/inicio\/comer-en-conil\/","title":{"rendered":"Comer y salir en Conil"},"content":{"rendered":"\n<p>Hay muchos restaurantes buenos y tradicionales en Conil. En los \u00faltimos a\u00f1os, se han incorporado muchos estilos de cocina nuevos y modernos.<\/p>\n\n<p>Desde <a href=\"https:\/\/www.franciscofontanilla.com\/galeria\/\" title=\"Francisco Fontanilla\" target=\"_blank\" rel=\"noreferrer noopener\">Francisco Fontanilla<\/a> (pescado y m\u00e1s) hasta <a href=\"https:\/\/www.facebook.com\/pg\/restaurantemisturaconil\/photos\/\" target=\"_blank\" rel=\"noreferrer noopener\" title=\"Mistura - Viaje Gastron&#xF3;mico\">Mistura<\/a> (pokes y m\u00e1s) y <a href=\"https:\/\/www.facebook.com\/Mangiafoho-866698803720175\/\" title=\"Pizzer&#xED;a Mangiafoho\" target=\"_blank\" rel=\"noreferrer noopener\">Mangiafoho<\/a> (pizzer\u00eda) son s\u00f3lo algunos ejemplos, estos dos \u00faltimos tambi\u00e9n a pocos minutos a pie.<\/p>\n\n<p>Un momento muy especial para los propietarios de Casa Cielo es la visita al <a title=\"Restaurante Patria\" rel=\"noreferrer noopener\" href=\"https:\/\/restaurantepatria.com\/\" target=\"_blank\">restaurante Patria<\/a> de La Muela.<\/p>\n\n<!--more-->\n\n<p>Puede empezar el d\u00eda en el <a href=\"https:\/\/www.facebook.com\/malcafe.conil\" target=\"_blank\" rel=\"noreferrer noopener\">MALCAFE<\/a> (especialidades de caf\u00e9 y comida sana) a pocos minutos a pie.<\/p>\n\n<p>Los que buscan pan alem\u00e1n tambi\u00e9n encontrar\u00e1n lo que buscan. <a href=\"https:\/\/das-brot.net\/tienda-conil-2\/\" target=\"_blank\" rel=\"noreferrer noopener\">El pan<\/a> ofrece una amplia selecci\u00f3n de panes ecol\u00f3gicos e integrales. Tambi\u00e9n se ofrecen productos org\u00e1nicos y ecol\u00f3gicos.<br\/><br\/>En <a href=\"https:\/\/lacremita.es\/\" target=\"_blank\" rel=\"noreferrer noopener\">La Cremita<\/a> tambi\u00e9n hay panes y pasteles muy deliciosos. Est\u00e1 a unos minutos en coche de la zona industrial de Chiclana, pero los productos merecen absolutamente la pena.  <\/p>\n\n<p> <\/p>\n\n<p><\/p>\n\n<div class=\"wp-block-getwid-images-slider has-arrows-inside has-dots-inside has-captions captions-style-dark captions-bottom-right has-images-center has-fitted-images alignwide\"><div class=\"wp-block-getwid-images-slider__wrapper\" data-effect=\"slide\" data-slides-show=\"1\" data-slides-show-laptop=\"1\" data-slides-show-tablet=\"1\" data-slides-show-mobile=\"1\" data-slides-scroll=\"1\" data-autoplay=\"true\" data-autoplay-speed=\"6000\" data-infinite=\"true\" data-animation-speed=\"800\" data-center-mode=\"true\" data-variable-width=\"true\" data-arrows=\"inside\" data-dots=\"inside\" data-spacing=\"none\"><div class=\"wp-block-getwid-images-slider__item\"><figure><img loading=\"lazy\" decoding=\"async\" width=\"892\" height=\"594\" src=\"https:\/\/casacielo.de\/wp-content\/uploads\/2021\/09\/Restaurante-Patria-37-892x594.jpg\" alt=\"Restaurante Patria\" data-id=\"1566\" data-link=\"https:\/\/casacielo.de\/home\/essen-ausgehen-in-conil\/restaurante-patria-37\/\" data-original-link=\"https:\/\/casacielo.de\/wp-content\/uploads\/2021\/09\/Restaurante-Patria-37.jpg\" class=\"wp-block-getwid-images-slider__image wp-image-1566\" title=\"\" srcset=\"https:\/\/www.casacielo.de\/wp-content\/uploads\/2021\/09\/Restaurante-Patria-37-892x594.jpg 892w, https:\/\/www.casacielo.de\/wp-content\/uploads\/2021\/09\/Restaurante-Patria-37-300x200.jpg 300w, https:\/\/www.casacielo.de\/wp-content\/uploads\/2021\/09\/Restaurante-Patria-37-768x511.jpg 768w, https:\/\/www.casacielo.de\/wp-content\/uploads\/2021\/09\/Restaurante-Patria-37-150x100.jpg 150w, https:\/\/www.casacielo.de\/wp-content\/uploads\/2021\/09\/Restaurante-Patria-37.jpg 1021w\" sizes=\"auto, (max-width: 892px) 100vw, 892px\" \/><figcaption class=\"wp-block-getwid-images-slider__caption\">Restaurante Patria<\/figcaption><\/figure><\/div><div class=\"wp-block-getwid-images-slider__item\"><figure><img loading=\"lazy\" decoding=\"async\" width=\"892\" height=\"594\" src=\"https:\/\/casacielo.de\/wp-content\/uploads\/2021\/09\/IMG_0750-892x594.jpg\" alt=\"Restaurante Patria\" data-id=\"1753\" data-link=\"https:\/\/casacielo.de\/home\/essen-ausgehen-in-conil\/img_0750\/\" data-original-link=\"https:\/\/casacielo.de\/wp-content\/uploads\/2021\/09\/IMG_0750-scaled.jpg\" class=\"wp-block-getwid-images-slider__image wp-image-1753\" title=\"\" srcset=\"https:\/\/www.casacielo.de\/wp-content\/uploads\/2021\/09\/IMG_0750-892x594.jpg 892w, https:\/\/www.casacielo.de\/wp-content\/uploads\/2021\/09\/IMG_0750-150x100.jpg 150w\" sizes=\"auto, (max-width: 892px) 100vw, 892px\" \/><figcaption class=\"wp-block-getwid-images-slider__caption\">Restaurante Patria<\/figcaption><\/figure><\/div><div class=\"wp-block-getwid-images-slider__item\"><figure><img loading=\"lazy\" decoding=\"async\" width=\"892\" height=\"594\" src=\"https:\/\/casacielo.de\/wp-content\/uploads\/2021\/09\/IMG_0752-892x594.jpg\" alt=\"Restaurante Patria\" data-id=\"1756\" data-link=\"https:\/\/casacielo.de\/home\/essen-ausgehen-in-conil\/img_0752\/\" data-original-link=\"https:\/\/casacielo.de\/wp-content\/uploads\/2021\/09\/IMG_0752-scaled.jpg\" class=\"wp-block-getwid-images-slider__image wp-image-1756\" title=\"\" srcset=\"https:\/\/www.casacielo.de\/wp-content\/uploads\/2021\/09\/IMG_0752-892x594.jpg 892w, https:\/\/www.casacielo.de\/wp-content\/uploads\/2021\/09\/IMG_0752-150x100.jpg 150w\" sizes=\"auto, (max-width: 892px) 100vw, 892px\" \/><figcaption class=\"wp-block-getwid-images-slider__caption\">Restaurante Patria<\/figcaption><\/figure><\/div><div class=\"wp-block-getwid-images-slider__item\"><figure><img loading=\"lazy\" decoding=\"async\" width=\"892\" height=\"594\" src=\"https:\/\/casacielo.de\/wp-content\/uploads\/2021\/12\/Malcafe-892x594.jpg\" alt=\"Malcafe\" data-id=\"3740\" data-link=\"https:\/\/casacielo.de\/home\/essen-ausgehen-in-conil\/malcafe\/\" data-original-link=\"https:\/\/casacielo.de\/wp-content\/uploads\/2021\/12\/Malcafe.jpg\" class=\"wp-block-getwid-images-slider__image wp-image-3740\" title=\"\" srcset=\"https:\/\/www.casacielo.de\/wp-content\/uploads\/2021\/12\/Malcafe-892x594.jpg 892w, https:\/\/www.casacielo.de\/wp-content\/uploads\/2021\/12\/Malcafe-150x100.jpg 150w\" sizes=\"auto, (max-width: 892px) 100vw, 892px\" \/><figcaption class=\"wp-block-getwid-images-slider__caption\">Malcafe<\/figcaption><\/figure><\/div><div class=\"wp-block-getwid-images-slider__item\"><figure><img loading=\"lazy\" decoding=\"async\" width=\"892\" height=\"594\" src=\"https:\/\/casacielo.de\/wp-content\/uploads\/2021\/12\/La-Cremita-18-12-_2021_00-31-43-892x594.jpg\" alt=\"La Cremita\" data-id=\"3747\" data-link=\"https:\/\/casacielo.de\/home\/essen-ausgehen-in-conil\/la-cremita-18-12-_2021_00-31-43\/\" data-original-link=\"https:\/\/casacielo.de\/wp-content\/uploads\/2021\/12\/La-Cremita-18-12-_2021_00-31-43.jpg\" class=\"wp-block-getwid-images-slider__image wp-image-3747\" title=\"\" srcset=\"https:\/\/www.casacielo.de\/wp-content\/uploads\/2021\/12\/La-Cremita-18-12-_2021_00-31-43-892x594.jpg 892w, https:\/\/www.casacielo.de\/wp-content\/uploads\/2021\/12\/La-Cremita-18-12-_2021_00-31-43-150x100.jpg 150w\" sizes=\"auto, (max-width: 892px) 100vw, 892px\" \/><figcaption class=\"wp-block-getwid-images-slider__caption\">La Cremita<\/figcaption><\/figure><\/div><\/div><\/div>\n\n<p>Conil de la Frontera y los pueblos de los alrededores ofrecen magn\u00edficas oportunidades para disfrutar de las delicias culinarias.<\/p>\n","protected":false},"excerpt":{"rendered":"<p>Hay muchos restaurantes buenos y tradicionales en Conl. Comer y salir en Conil un verdadero placer y hermosas experiencias.<\/p>\n","protected":false},"author":1,"featured_media":955,"parent":701,"menu_order":4,"comment_status":"closed","ping_status":"closed","template":"","meta":{"footnotes":""},"class_list":["post-1570","page","type-page","status-publish","has-post-thumbnail","hentry"],"_links":{"self":[{"href":"https:\/\/www.casacielo.de\/es\/wp-json\/wp\/v2\/pages\/1570","targetHints":{"allow":["GET"]}}],"collection":[{"href":"https:\/\/www.casacielo.de\/es\/wp-json\/wp\/v2\/pages"}],"about":[{"href":"https:\/\/www.casacielo.de\/es\/wp-json\/wp\/v2\/types\/page"}],"author":[{"embeddable":true,"href":"https:\/\/www.casacielo.de\/es\/wp-json\/wp\/v2\/users\/1"}],"replies":[{"embeddable":true,"href":"https:\/\/www.casacielo.de\/es\/wp-json\/wp\/v2\/comments?post=1570"}],"version-history":[{"count":10,"href":"https:\/\/www.casacielo.de\/es\/wp-json\/wp\/v2\/pages\/1570\/revisions"}],"predecessor-version":[{"id":5455,"href":"https:\/\/www.casacielo.de\/es\/wp-json\/wp\/v2\/pages\/1570\/revisions\/5455"}],"up":[{"embeddable":true,"href":"https:\/\/www.casacielo.de\/es\/wp-json\/wp\/v2\/pages\/701"}],"wp:featuredmedia":[{"embeddable":true,"href":"https:\/\/www.casacielo.de\/es\/wp-json\/wp\/v2\/media\/955"}],"wp:attachment":[{"href":"https:\/\/www.casacielo.de\/es\/wp-json\/wp\/v2\/media?parent=1570"}],"curies":[{"name":"wp","href":"https:\/\/api.w.org\/{rel}","templated":true}]}}